{"id":85,"date":"2019-08-20T09:19:37","date_gmt":"2019-08-20T07:19:37","guid":{"rendered":"http:\/\/www.novatris-dev.uha.fr\/?page_id=85"},"modified":"2021-10-28T14:56:23","modified_gmt":"2021-10-28T12:56:23","slug":"interreg","status":"publish","type":"page","link":"http:\/\/www.novatris.uha.fr\/index.php\/contexte-europeen\/interreg\/","title":{"rendered":"Interreg"},"content":{"rendered":"<p>Le programme de financement <a href=\"https:\/\/www.interreg-rhin-sup.eu\/decouvrir-le-programme\/contexte-et-fonctionnement\/\" target=\"_blank\" rel=\"noopener noreferrer\"><strong>Interreg VA Rhin Sup\u00e9rieur<\/strong><\/a> s\u2019inscrit dans l&rsquo;objectif de coop\u00e9ration territoriale europ\u00e9enne. Il soutient des<strong> projets de coop\u00e9ration transfrontali\u00e8re d\u00e9limit\u00e9s g\u00e9ographiquement \u00e0 la fronti\u00e8re franco-germano-suisse<\/strong>. Interreg VA Rhin sup\u00e9rieur s\u2019inscrit dans la strat\u00e9gie Europe 2020 dont les objectifs sont la cr\u00e9ation d\u2019emploi, la comp\u00e9titivit\u00e9 et la croissance \u00e9conomique, l\u2019am\u00e9lioration de la qualit\u00e9 de vie et le d\u00e9veloppement durable.<\/p>\n<p>De 2016 \u00e0 2019, NovaTris a assur\u00e9 la <strong>coordination de 3 projets du programme Interreg VA Rhin sup\u00e9rieur<\/strong> pour l&rsquo;UHA : <a href=\"https:\/\/www.eucor-uni.org\/\" target=\"_blank\" rel=\"noopener noreferrer\">Eucor \u2013 Le Campus europ\u00e9en : Structures transfrontali\u00e8res<\/a>, <a href=\"https:\/\/www.serior.eu\/\/fr\" target=\"_blank\" rel=\"noopener noreferrer\">Graduate Academy SERIOR<\/a> et <a href=\"https:\/\/www.durabilite-rhinsuperieur.info\/fr\/home\/\" target=\"_blank\" rel=\"noopener noreferrer\">Upper Rhine Cluster for sustainability research<\/a>, tous cl\u00f4tur\u00e9s avec succ\u00e8s.<\/p>\n<div class=\"su-spacer\" style=\"height:20px\"><\/div><div class=\"su-accordion su-u-trim\"><div class=\"su-spoiler su-spoiler-style-default su-spoiler-icon-plus su-spoiler-closed\" data-scroll-offset=\"0\" data-anchor-in-url=\"no\"><div class=\"su-spoiler-title\" tabindex=\"0\" role=\"button\"><span class=\"su-spoiler-icon\"><\/span><strong>Eucor - Le Campus europ\u00e9en : Structures transfrontali\u00e8res<\/strong><\/div><div class=\"su-spoiler-content su-u-clearfix su-u-trim\"><img loading=\"lazy\" decoding=\"async\" class=\"alignright size-medium wp-image-345\" src=\"http:\/\/www.novatris.uha.fr\/wp-content\/uploads\/2019\/10\/logo-eucor_FR_sansFond-300x131.png\" alt=\"Logo Eucor\" width=\"300\" height=\"131\" srcset=\"http:\/\/www.novatris.uha.fr\/wp-content\/uploads\/2019\/10\/logo-eucor_FR_sansFond-300x131.png 300w, http:\/\/www.novatris.uha.fr\/wp-content\/uploads\/2019\/10\/logo-eucor_FR_sansFond.png 509w\" sizes=\"auto, (max-width: 300px) 100vw, 300px\" \/>Le projet Interreg VA Rhin sup\u00e9rieur <a href=\"https:\/\/www.eucor-uni.org\/\" target=\"_blank\" rel=\"noopener noreferrer\">Eucor \u2013 Le Campus europ\u00e9en : Structures transfrontali\u00e8res<\/a> a r\u00e9uni les 5 universit\u00e9s membres d&rsquo;<strong>Eucor &#8211; Le Campus europ\u00e9en<\/strong> :<br \/>\n<div class=\"su-list\" style=\"margin-left:0px\">\n<ul>\n<li><i class=\"sui sui-caret-right\" style=\"color:#333\"><\/i> <a href=\"http:\/\/www.kit.edu\/\" target=\"_blank\" rel=\"noopener noreferrer\">Institut technologique de Karlsruhe<\/a>,<\/li>\n<li><i class=\"sui sui-caret-right\" style=\"color:#333\"><\/i> <a href=\"https:\/\/www.unibas.ch\/de.html\" target=\"_blank\" rel=\"noopener noreferrer\">Universit\u00e9 de B\u00e2le<\/a>,<\/li>\n<li><i class=\"sui sui-caret-right\" style=\"color:#333\"><\/i> <a href=\"http:\/\/www.uha.fr\/\" target=\"_blank\" rel=\"noopener noreferrer\">Universit\u00e9 de Haute-Alsace<\/a>,<\/li>\n<li><i class=\"sui sui-caret-right\" style=\"color:#333\"><\/i> <a href=\"https:\/\/www.uni-freiburg.de\/?set_language=de\" target=\"_blank\" rel=\"noopener noreferrer\">Universit\u00e9 de Fribourg-en-Brisgau<\/a>,<\/li>\n<li><i class=\"sui sui-caret-right\" style=\"color:#333\"><\/i> <a href=\"http:\/\/www.unistra.fr\/index.php?id=accueil&amp;utm_source=unistra_fr&amp;utm_medium=unistra_fr_homepage\" target=\"_blank\" rel=\"noopener noreferrer\">Universit\u00e9 de Strasbourg<\/a>.<\/li>\n<\/ul>\n<\/div>\nIl a b\u00e9n\u00e9fici\u00e9 du soutien financier du programme Interreg VA Rhin sup\u00e9rieur (<a href=\"https:\/\/ec.europa.eu\/regional_policy\/fr\/funding\/erdf\/\" target=\"_blank\" rel=\"noopener noreferrer\">Fonds europ\u00e9en de d\u00e9veloppement r\u00e9gional<\/a>) sur une dur\u00e9e de 3 ans, de 2016 \u00e0 2019. La mise en \u0153uvre d&rsquo;actions structurantes a permis de renforcer le potentiel existant des universit\u00e9s et de diminuer les obstacles administratifs inh\u00e9rents \u00e0 la coop\u00e9ration transfrontali\u00e8re universitaire.<\/p>\n<p>Sur le base de l&rsquo;analyse du potentiel r\u00e9gional scientifique existant, \u00ab Eucor \u2013 Le Campus europ\u00e9en : Structures transfrontali\u00e8res \u00bb a favoris\u00e9 la <strong>mise en place d\u2019un plan de structuration et de d\u00e9veloppement commun ainsi que l\u2019\u00e9tablissement de proc\u00e9dures facilitant le recrutement commun de personnel scientifique d\u2019excellence<\/strong>. Il a permis de proposer de nouvelles offres de formation et de mieux les promouvoir, d\u2019am\u00e9liorer l\u2019insertion professionnelle au niveau r\u00e9gional et d\u2019augmenter la mobilit\u00e9 des \u00e9tudiants, des enseignants-chercheurs et du personnel administratif.<\/p>\n<a href=\"https:\/\/www.eucor-uni.org\/\" class=\"su-button su-button-style-default\" style=\"color:#FFFFFF;background-color:#135cad;border-color:#104a8b;border-radius:0px\" target=\"_blank\" rel=\"noopener noreferrer\"><span style=\"color:#FFFFFF;padding:6px 16px;font-size:13px;line-height:20px;border-color:#5a8dc6;border-radius:0px;text-shadow:none\"><i class=\"sui sui-chain\" style=\"font-size:13px;color:#FFFFFF\"><\/i> En savoir plus sur Eucor &#8211; Le Campus europ\u00e9en<\/span><\/a>\n<\/div><\/div>\n<div class=\"su-spoiler su-spoiler-style-default su-spoiler-icon-plus su-spoiler-closed\" data-scroll-offset=\"0\" data-anchor-in-url=\"no\"><div class=\"su-spoiler-title\" tabindex=\"0\" role=\"button\"><span class=\"su-spoiler-icon\"><\/span>Graduate Academy SERIOR<\/div><div class=\"su-spoiler-content su-u-clearfix su-u-trim\"><img loading=\"lazy\" decoding=\"async\" class=\"alignright size-medium wp-image-344\" src=\"http:\/\/www.novatris.uha.fr\/wp-content\/uploads\/2019\/10\/SERIOR_Logo_transparent-300x120.png\" alt=\"Logo SERIOR\" width=\"300\" height=\"120\" srcset=\"http:\/\/www.novatris.uha.fr\/wp-content\/uploads\/2019\/10\/SERIOR_Logo_transparent-300x120.png 300w, http:\/\/www.novatris.uha.fr\/wp-content\/uploads\/2019\/10\/SERIOR_Logo_transparent-768x308.png 768w, http:\/\/www.novatris.uha.fr\/wp-content\/uploads\/2019\/10\/SERIOR_Logo_transparent-1024x410.png 1024w\" sizes=\"auto, (max-width: 300px) 100vw, 300px\" \/>Le projet Interreg VA Rhin sup\u00e9rieur <a href=\"https:\/\/www.serior.eu\/fr\/\" target=\"_blank\" rel=\"noopener noreferrer\">Graduate Academy SERIOR (SEcurity \u2013 RIsk \u2013 ORientation)<\/a> a r\u00e9uni l&rsquo;Universit\u00e9 de Coblence-Landau et les cinq universit\u00e9s membres d&rsquo;<a href=\"https:\/\/www.eucor-uni.org\/\" target=\"_blank\" rel=\"noopener noreferrer\">Eucor &#8211; Le Campus europ\u00e9en<\/a> :<br \/>\n<div class=\"su-list\" style=\"margin-left:0px\">\n<ul>\n<li><i class=\"sui sui-caret-right\" style=\"color:#333\"><\/i> <a href=\"http:\/\/www.kit.edu\/\" target=\"_blank\" rel=\"noopener noreferrer\">Institut technologique de Karlsruhe<\/a>,<\/li>\n<li><i class=\"sui sui-caret-right\" style=\"color:#333\"><\/i> <a href=\"https:\/\/www.unibas.ch\/de.html\" target=\"_blank\" rel=\"noopener noreferrer\">Universit\u00e9 de B\u00e2le<\/a>,<\/li>\n<li><i class=\"sui sui-caret-right\" style=\"color:#333\"><\/i> <a href=\"https:\/\/www.uni-koblenz-landau.de\/de\/unikold-start?set_language=de\" target=\"_blank\" rel=\"noopener noreferrer\">Universit\u00e9 de Coblence-Landau<\/a>,<\/li>\n<li><i class=\"sui sui-caret-right\" style=\"color:#333\"><\/i> <a href=\"http:\/\/www.uha.fr\/\" target=\"_blank\" rel=\"noopener noreferrer\">Universit\u00e9 de Haute-Alsace<\/a>,<\/li>\n<li><i class=\"sui sui-caret-right\" style=\"color:#333\"><\/i> <a href=\"https:\/\/www.uni-freiburg.de\/?set_language=de\" target=\"_blank\" rel=\"noopener noreferrer\">Universit\u00e9 de Fribourg-en-Brisgau<\/a>,<\/li>\n<li><i class=\"sui sui-caret-right\" style=\"color:#333\"><\/i> <a href=\"http:\/\/www.unistra.fr\/index.php?id=accueil&amp;utm_source=unistra_fr&amp;utm_medium=unistra_fr_homepage\" target=\"_blank\" rel=\"noopener noreferrer\">Universit\u00e9 de Strasbourg<\/a>.<\/li>\n<\/ul>\n<\/div>\nIl a b\u00e9n\u00e9fici\u00e9 du soutien financier du programme Interreg VA Rhin sup\u00e9rieur (<a href=\"https:\/\/ec.europa.eu\/regional_policy\/fr\/funding\/erdf\/\" target=\"_blank\" rel=\"noopener noreferrer\">Fonds europ\u00e9en de d\u00e9veloppement r\u00e9gional<\/a>) sur une dur\u00e9e de 3 ans, de 2016 \u00e0 2019. Durant ces 3 ans, il a travaill\u00e9 \u00e0 la qualification trinationale (France, Allemagne, Suisse) des doctorants et post-doctorants de la R\u00e9gion du Rhin sup\u00e9rieur.<\/p>\n<p>La Graduate Academy SERIOR a d\u00e9velopp\u00e9 son activit\u00e9 selon 3 p\u00f4les directeurs :<br \/>\n<div class=\"su-list\" style=\"margin-left:0px\">\n<ul>\n<li><i class=\"sui sui-caret-right\" style=\"color:#333\"><\/i> <strong>P\u00f4le S\u00e9curit\u00e9<\/strong> : une perception des risques par la compr\u00e9hension des diff\u00e9rences culturelles<\/li>\n<li><i class=\"sui sui-caret-right\" style=\"color:#333\"><\/i> <strong>P\u00f4le Risque<\/strong> : une \u00e9valuation des risques \u00e0 travers des m\u00e9thodes de sciences naturelles<\/li>\n<li><i class=\"sui sui-caret-right\" style=\"color:#333\"><\/i> <strong>P\u00f4le Orientation<\/strong> : une communication sur les risques selon les diff\u00e9rentes conceptions de ces m\u00eames risques<\/li>\n<\/ul>\n<\/div>\nSon travail a permis de d\u00e9velopper <strong>diff\u00e9rents dispositifs de formation et de communication <\/strong>: \u00e9coles d\u2019\u00e9t\u00e9, s\u00e9minaires, conf\u00e9rences, \u00e9v\u00e9nements de transfert de savoir et de technologie. Il a \u00e9galement d\u00e9bouch\u00e9 sur la conception de<strong> 3 manuels pratiques et de 3 bases de donn\u00e9es <\/strong>(litt\u00e9rature, projets et contacts).<\/p>\n<p>La Graduate Academy SERIOR a contribu\u00e9 \u00e0 la dynamique transfrontali\u00e8re d\u2019Eucor \u2013 Le Campus europ\u00e9en et a coop\u00e9r\u00e9 avec le projet Interreg VA Rhin sup\u00e9rieur <a href=\"https:\/\/www.durabilite-rhinsuperieur.info\/fr\/home\/\" target=\"_blank\" rel=\"noopener noreferrer\">Upper Rhine Cluster for Sutainability Research<\/a>.<\/p>\n<a href=\"https:\/\/www.serior.eu\/fr\/\" class=\"su-button su-button-style-default\" style=\"color:#FFFFFF;background-color:#135cad;border-color:#104a8b;border-radius:0px\" target=\"_blank\" rel=\"noopener noreferrer\"><span style=\"color:#FFFFFF;padding:6px 16px;font-size:13px;line-height:20px;border-color:#5a8dc6;border-radius:0px;text-shadow:none\"><i class=\"sui sui-chain\" style=\"font-size:13px;color:#FFFFFF\"><\/i> En savoir plus sur la Graduate Academy SERIOR<\/span><\/a>\n<\/div><\/div>\n<div class=\"su-spoiler su-spoiler-style-default su-spoiler-icon-plus su-spoiler-closed\" data-scroll-offset=\"0\" data-anchor-in-url=\"no\"><div class=\"su-spoiler-title\" tabindex=\"0\" role=\"button\"><span class=\"su-spoiler-icon\"><\/span>Upper Rhine Cluster for Sustainability Research<\/div><div class=\"su-spoiler-content su-u-clearfix su-u-trim\"><img loading=\"lazy\" decoding=\"async\" class=\"alignright size-medium wp-image-339\" src=\"http:\/\/www.novatris.uha.fr\/wp-content\/uploads\/2019\/10\/logoDurabilite-300x270.png\" alt=\"Logo URCforSR\" width=\"300\" height=\"270\" srcset=\"http:\/\/www.novatris.uha.fr\/wp-content\/uploads\/2019\/10\/logoDurabilite-300x270.png 300w, http:\/\/www.novatris.uha.fr\/wp-content\/uploads\/2019\/10\/logoDurabilite.png 411w\" sizes=\"auto, (max-width: 300px) 100vw, 300px\" \/>Le projet Interreg VA Rhin sup\u00e9rieur <a href=\"https:\/\/www.durabilite-rhinsuperieur.info\/fr\/home\/\" target=\"_blank\" rel=\"noopener noreferrer\">Upper Rhine Cluster for sustainability research<\/a> (URCforSR) a r\u00e9uni l&rsquo;Universit\u00e9 de Coblence-Landau et les 5 universit\u00e9s membres d&rsquo;<a href=\"https:\/\/www.eucor-uni.org\/\" target=\"_blank\" rel=\"noopener noreferrer\">Eucor &#8211; Le Campus europ\u00e9en<\/a> :<br \/>\n<div class=\"su-list\" style=\"margin-left:0px\">\n<ul>\n<li><i class=\"sui sui-caret-right\" style=\"color:#333\"><\/i> <a href=\"http:\/\/www.kit.edu\/\" target=\"_blank\" rel=\"noopener noreferrer\">Institut technologique de Karlsruhe<\/a>,<\/li>\n<li><i class=\"sui sui-caret-right\" style=\"color:#333\"><\/i> <a href=\"https:\/\/www.unibas.ch\/de.html\" target=\"_blank\" rel=\"noopener noreferrer\">Universit\u00e9 de B\u00e2le<\/a>,<\/li>\n<li><i class=\"sui sui-caret-right\" style=\"color:#333\"><\/i> <a href=\"https:\/\/www.uni-koblenz-landau.de\/de\/unikold-start?set_language=de\" target=\"_blank\" rel=\"noopener noreferrer\">Universit\u00e9 de Coblence-Landau<\/a>,<\/li>\n<li><i class=\"sui sui-caret-right\" style=\"color:#333\"><\/i> <a href=\"http:\/\/www.uha.fr\/\" target=\"_blank\" rel=\"noopener noreferrer\">Universit\u00e9 de Haute-Alsace<\/a>,<\/li>\n<li><i class=\"sui sui-caret-right\" style=\"color:#333\"><\/i> <a href=\"https:\/\/www.uni-freiburg.de\/?set_language=de\" target=\"_blank\" rel=\"noopener noreferrer\">Universit\u00e9 de Fribourg-en-Brisgau<\/a>,<\/li>\n<li><i class=\"sui sui-caret-right\" style=\"color:#333\"><\/i> <a href=\"http:\/\/www.unistra.fr\/index.php?id=accueil&amp;utm_source=unistra_fr&amp;utm_medium=unistra_fr_homepage\" target=\"_blank\" rel=\"noopener noreferrer\">Universit\u00e9 de Strasbourg<\/a>.<\/li>\n<\/ul>\n<\/div>\nPlusieurs \u00ab Fachhochschulen \u00bb et instituts de recherche y \u00e9taient par ailleurs associ\u00e9s en tant que partenaires. Ce projet a b\u00e9n\u00e9fici\u00e9 du soutien financier du programme Interreg VA Rhin sup\u00e9rieur (<a href=\"https:\/\/ec.europa.eu\/regional_policy\/fr\/funding\/erdf\/\" target=\"_blank\" rel=\"noopener noreferrer\">Fonds europ\u00e9en de d\u00e9veloppement r\u00e9gional<\/a>) de 2016 \u00e0 2018.<\/p>\n<p>L&rsquo;Upper Rhine Cluster for sustainability research a principalement travaill\u00e9 \u00e0 la <strong>mise en \u0153uvre d&rsquo;activit\u00e9s de recherche d\u2019excellence communes, transfrontali\u00e8res et interdisciplinaires au rayonnement europ\u00e9en<\/strong> et \u00e0 la<strong> r\u00e9alisation d&rsquo;un projet phare de transfert de connaissances vers le monde \u00e9conomique et la soci\u00e9t\u00e9 civile<\/strong>.<\/p>\n<p>Cinq axes prioritaires y avaient \u00e9t\u00e9 d\u00e9finis :<br \/>\n<div class=\"su-list\" style=\"margin-left:0px\">\n<ul>\n<li><i class=\"sui sui-caret-right\" style=\"color:#333\"><\/i> Gouvernance<\/li>\n<li><i class=\"sui sui-caret-right\" style=\"color:#333\"><\/i> \u00c9nergie, infrastructure, changement soci\u00e9tal<\/li>\n<li><i class=\"sui sui-caret-right\" style=\"color:#333\"><\/i> Transformation et innovation<\/li>\n<li><i class=\"sui sui-caret-right\" style=\"color:#333\"><\/i> Management des ressources<\/li>\n<li><i class=\"sui sui-caret-right\" style=\"color:#333\"><\/i> Multiculturalisme et plurilinguisme<\/li>\n<\/ul>\n<\/div>\nLes travaux du Cluster ont permis le <strong>d\u00e9veloppement de la recherche trinationale <\/strong>dans le Rhin sup\u00e9rieur et la r\u00e9alisation de cycles de conf\u00e9rences, de s\u00e9minaires et d&rsquo;\u00e9v\u00e9nements de transfert de savoir et technologie.<\/p>\n<a href=\"https:\/\/www.durabilite-rhinsuperieur.info\/fr\/home\/\" class=\"su-button su-button-style-default\" style=\"color:#FFFFFF;background-color:#135cad;border-color:#104a8b;border-radius:0px\" target=\"_blank\" rel=\"noopener noreferrer\"><span style=\"color:#FFFFFF;padding:6px 16px;font-size:13px;line-height:20px;border-color:#5a8dc6;border-radius:0px;text-shadow:none\"><i class=\"sui sui-chain\" style=\"font-size:13px;color:#FFFFFF\"><\/i> En savoir plus sur URCforSR<\/span><\/a>\n<\/div><\/div>\n<\/div>\n<p>NovaTris a en outre activement particip\u00e9 \u00e0 la mise en \u0153uvre des objectifs que ces trois projets s\u2019\u00e9taient fix\u00e9s gr\u00e2ce \u00e0 l\u2019organisation d\u2019\u00e9v\u00e9nements de transfert de savoir et de technologie, de conf\u00e9rences et de s\u00e9minaires. Plusieurs modules de formation ont \u00e9galement \u00e9t\u00e9 cr\u00e9\u00e9s et anim\u00e9s par les ing\u00e9nieurs p\u00e9dagogiques de NovaTris dans le cadre de ces projets. Les diff\u00e9rents modules interculturels propos\u00e9s ont particip\u00e9 \u00e0 la coh\u00e9sion des \u00e9quipes trinationales de trois projets et soutenu leur rayonnement au sein du Rhin sup\u00e9rieur. La mise en \u0153uvre de ces projets a contribu\u00e9 au d\u00e9veloppement d\u2019<a href=\"http:\/\/www.novatris.uha.fr\/index.php\/contexte-europeen\/eucor-le-campus-europeen\/\">Eucor \u2013 Le Campus europ\u00e9en<\/a>.<\/p>\n<h2>\u00c9v\u00e9nements marquants<\/h2>\n<div class=\"su-box su-box-style-default\" id=\"\" style=\"border-color:#000000;border-radius:0px;max-width:none\"><div class=\"su-box-title\" style=\"background-color:#333333;color:#FFFFFF;border-top-left-radius:0px;border-top-right-radius:0px\">Risque 3D<\/div><div class=\"su-box-content su-u-clearfix su-u-trim\" style=\"border-bottom-left-radius:0px;border-bottom-right-radius:0px\"><div class=\"su-expand su-expand-collapsed su-expand-link-style-default\" data-height=\"100\"><div class=\"su-expand-content su-u-trim\" style=\"color:#333333;max-height:100px;overflow:hidden\"> <a href=\"http:\/\/www.novatris.uha.fr\/wp-content\/uploads\/2019\/10\/CR_Lycens-7-ConvertImage.jpg\"><img loading=\"lazy\" decoding=\"async\" class=\"alignleft wp-image-389 size-thumbnail\" src=\"http:\/\/www.novatris.uha.fr\/wp-content\/uploads\/2019\/10\/CR_Lycens-7-ConvertImage-150x150.jpg\" alt=\"Image Risque 3D\" width=\"150\" height=\"150\" \/><\/a>Dans le cadre des \u00e9v\u00e9nements de transfert de savoir et de technologie de la <strong>Graduate Academy SERIOR<\/strong>, NovaTris a organis\u00e9, en collaboration avec la <a href=\"https:\/\/www.saint-louis.fr\/\" target=\"_blank\" rel=\"noopener noreferrer\">ville de Saint-Louis<\/a>, une journ\u00e9e d\u00e9di\u00e9e au management du risque dans le Rhin sup\u00e9rieur. Cet \u00e9v\u00e9nement franco-germano-suisse intitul\u00e9 <em>Risque 3D<\/em> s\u2019est tenu le 24 mai 2019 au Forum de Saint-Louis et a permis d\u2019aborder la th\u00e9matique du risque sous diff\u00e9rentes perspectives. Plus de 100 participants ont ainsi pu <strong>exp\u00e9rimenter 3 aspects du management du risque en prenant part aux ateliers, jeu de simulation et d\u00e9bat <\/strong>propos\u00e9s tout au long de la journ\u00e9e.<\/p>\n<p>Afin de <strong>rendre la th\u00e9matique complexe du management du risque dans le Rhin sup\u00e9rieur accessible \u00e0 tous les publics<\/strong>, l\u2019\u00e9v\u00e9nement a \u00e9t\u00e9 imagin\u00e9 sur une journ\u00e9e compl\u00e8te :<\/p>\n<div class=\"su-list\" style=\"margin-left:0px\">\n<ul>\n<li><i class=\"sui sui-caret-right\" style=\"color:#333\"><\/i> La matin\u00e9e s\u2019est adress\u00e9e \u00e0 2 classes franco-germano-suisses de lyc\u00e9ens qui ont pris part \u00e0 diff\u00e9rents ateliers traitant de la th\u00e9matique du risque au sens large.<\/li>\n<li><i class=\"sui sui-caret-right\" style=\"color:#333\"><\/i> L\u2019apr\u00e8s-midi a r\u00e9uni 15 participants issus de la soci\u00e9t\u00e9 civile, du milieu \u00e9conomique et du monde acad\u00e9mique dans le cadre d&rsquo;un jeu s\u00e9rieux de blackout complet dans le Rhin sup\u00e9rieur.<\/li>\n<li><i class=\"sui sui-caret-right\" style=\"color:#333\"><\/i> En fin de journ\u00e9e, une table ronde a r\u00e9uni 6 intervenants qui ont men\u00e9s ensemble une r\u00e9flexion autour des perspectives d&rsquo;avenir \u00e0 envisager suite \u00e0 la fermeture de la centrale nucl\u00e9aire de Fessenheim.<\/div><\/li>\n<\/ul>\n<p><a href=\"http:\/\/www.novatris.uha.fr\/wp-content\/uploads\/2019\/10\/Compte-rendu_Risque-3D-min.pdf\" target=\"_blank\" rel=\"noopener noreferrer\">Consulter le compte rendu &#8211; Risque 3D<\/a><\/div><div class=\"su-expand-link su-expand-link-more\" style=\"text-align:left\"><a href=\"javascript:;\" style=\"color:#0088FF;border-color:#0088FF\"><span style=\"border-color:#0088FF\">Afficher plus<\/span><\/a><\/div><div class=\"su-expand-link su-expand-link-less\" style=\"text-align:left\"><a href=\"javascript:;\" style=\"color:#0088FF;border-color:#0088FF\"><span style=\"border-color:#0088FF\">Afficher moins<\/span><\/a><\/div><\/div><\/div><\/div>\n<div class=\"su-box su-box-style-default\" id=\"\" style=\"border-color:#000000;border-radius:0px;max-width:none\"><div class=\"su-box-title\" style=\"background-color:#333333;color:#FFFFFF;border-top-left-radius:0px;border-top-right-radius:0px\">Communiquer dans la langue de l'Autre<\/div><div class=\"su-box-content su-u-clearfix su-u-trim\" style=\"border-bottom-left-radius:0px;border-bottom-right-radius:0px\"><div class=\"su-expand su-expand-collapsed su-expand-link-style-default\" data-height=\"100\"><div class=\"su-expand-content su-u-trim\" style=\"color:#333333;max-height:100px;overflow:hidden\"> <a href=\"http:\/\/www.novatris.uha.fr\/wp-content\/uploads\/2019\/10\/UHA-copie.jpg\"><img loading=\"lazy\" decoding=\"async\" class=\"alignleft wp-image-424 size-thumbnail\" src=\"http:\/\/www.novatris.uha.fr\/wp-content\/uploads\/2019\/10\/UHA-copie-150x150.jpg\" alt=\"Image Communiquer dans la langue de l'autre\" width=\"150\" height=\"150\" \/><\/a>Au cours du projet <strong>Eucor &#8211; Le Campus europ\u00e9en : Structures transfrontali\u00e8res<\/strong>, NovaTris a propos\u00e9 \u00e0 deux reprises entre 2017 et 2019 une <strong>formation interculturelle intitul\u00e9e \u00ab Communiquer dans la langue de l\u2019Autre \u00bb<\/strong>. Cette formation enti\u00e8rement gratuite \u00e9tait ouverte \u00e0 l&rsquo;ensemble des personnels des universit\u00e9s membres d&rsquo;Eucor \u2013 Le Campus europ\u00e9en.<\/p>\n<p>Ces deux formations, organis\u00e9es en partenariat avec le <a href=\"https:\/\/www.learning-center.uha.fr\/opac\/article\/pix-certification-numerique\/uha_pix\" target=\"_blank\" rel=\"noopener noreferrer\">P\u00f4le Formation et Certifications du Learning Center<\/a> de l\u2019UHA, l\u2019<a href=\"http:\/\/www.sli.uni-freiburg.de\/\" target=\"_blank\" rel=\"noopener noreferrer\">\u00c9cole de Langues de l\u2019Universit\u00e9 de Fribourg-en-Brisgau<\/a> et les Centres de langues de l&rsquo;<a href=\"https:\/\/sprachenzentrum.unibas.ch\/de\/home\/\" target=\"_blank\" rel=\"noopener noreferrer\">Universit\u00e9 de B\u00e2le<\/a> et de l&rsquo;<a href=\"https:\/\/www.spz.kit.edu\/\" target=\"_blank\" rel=\"noopener noreferrer\">Institut technologique de Karlsruhe<\/a>. Elles \u00e9taient compos\u00e9es de 50 % de personnes de langue maternelle allemande et 50 % de personnes de langue maternelle fran\u00e7aise pour permettre l&rsquo;\u00e9change dans les deux langues. Elles se sont toutes deux d\u00e9roul\u00e9es sur 5 journ\u00e9es r\u00e9parties en 3 sessions dans le courant des ann\u00e9es universitaires 2017-2018 puis 2018-2019. Les sessions ont eu lieu alternativement \u00e0 l&rsquo;UHA, \u00e0 l\u2019Universit\u00e9 de Fribourg-en-Brisgau, \u00e0 l&rsquo;Universit\u00e9 de B\u00e2le et \u00e0 l&rsquo;Institut technologique de Karlsruhe.<\/p>\n<p>Le programme de cette formation \u00e9tait bas\u00e9 sur diff\u00e9rentes modalit\u00e9s p\u00e9dagogiques permettant d&rsquo;enrichir les exp\u00e9riences v\u00e9cues. Plusieurs approches y \u00e9taient mises \u00e0 profit : sensibilisation et accompagnement interculturels, autoformation accompagn\u00e9e en langue, tandem tutor\u00e9, apprentissage des langues par le th\u00e9\u00e2tre, etc.<\/p>\n<p><a href=\"http:\/\/www.novatris.uha.fr\/wp-content\/uploads\/2019\/10\/Formation_CommuniquerLangueAutre.pdf\" target=\"_blank\" rel=\"noopener noreferrer\">Consulter le programme &#8211; Communiquer dans la langue de l&rsquo;Autre<\/a><\/div><div class=\"su-expand-link su-expand-link-more\" style=\"text-align:left\"><a href=\"javascript:;\" style=\"color:#0088FF;border-color:#0088FF\"><span style=\"border-color:#0088FF\">Afficher plus<\/span><\/a><\/div><div class=\"su-expand-link su-expand-link-less\" style=\"text-align:left\"><a href=\"javascript:;\" style=\"color:#0088FF;border-color:#0088FF\"><span style=\"border-color:#0088FF\">Afficher moins<\/span><\/a><\/div><\/div><\/div><\/div>\n<div class=\"su-box su-box-style-default\" id=\"\" style=\"border-color:#000000;border-radius:0px;max-width:none\"><div class=\"su-box-title\" style=\"background-color:#333333;color:#FFFFFF;border-top-left-radius:0px;border-top-right-radius:0px\">Dialogue interculturel\u2009: donner la parole aux technologies durables et innovantes<\/div><div class=\"su-box-content su-u-clearfix su-u-trim\" style=\"border-bottom-left-radius:0px;border-bottom-right-radius:0px\"><div class=\"su-expand su-expand-collapsed su-expand-link-style-default\" data-height=\"100\"><div class=\"su-expand-content su-u-trim\" style=\"color:#333333;max-height:100px;overflow:hidden\"><a href=\"http:\/\/www.novatris.uha.fr\/wp-content\/uploads\/2019\/10\/CR3.jpg\"><img loading=\"lazy\" decoding=\"async\" class=\"alignleft wp-image-419 size-thumbnail\" src=\"http:\/\/www.novatris.uha.fr\/wp-content\/uploads\/2019\/10\/CR3-150x150.jpg\" alt=\"Image Dialogue interculturel\" width=\"150\" height=\"150\" \/><\/a>Dans le cadre des ateliers de transfert de savoir et de technologie du projet <strong>Upper Rhine Cluster for Sustainability Research<\/strong>, NovaTris a eu le plaisir d\u2019organiser une table ronde qui a r\u00e9uni 24 acteurs de l\u2019universit\u00e9 et du monde socio-\u00e9conomique, dont 5 intervenants principaux, qui ont men\u00e9 conjointement une <strong>r\u00e9flexion autour des moyens permettant d\u2019ouvrir le dialogue interculturel n\u00e9cessaire \u00e0 la mise en \u0153uvre de technologies durables et innovantes<\/strong>.<\/p>\n<p>Intervenants et participants de la table ronde ont ainsi \u00e9t\u00e9 invit\u00e9s \u00e0 penser ensemble les moyens de construire un dialogue interculturel dans un contexte transfrontalier et transculturel tel que celui du Rhin sup\u00e9rieur. En cons\u00e9quence, ils ont r\u00e9fl\u00e9chi aux outils permettant de r\u00e9duire les risques d\u2019incompr\u00e9hension et de trouver un langage commun et aux cadres pouvant \u00eatre mis en place pour faciliter l\u2019usage des technologies durables et innovantes. Enfin, ils ont abord\u00e9 la question de l\u2019interaction entre perceptions culturelles et mise en \u0153uvre pratique des technologies durables et innovantes.<\/p>\n<p><a href=\"http:\/\/www.novatris.uha.fr\/wp-content\/uploads\/2019\/10\/FR-Compte-rendu-Table-ronde-Dialogue-interculturel.pdf\" target=\"_blank\" rel=\"noopener noreferrer\">Consulter le compte rendu &#8211; Dialogue interculturel<\/a><\/div><div class=\"su-expand-link su-expand-link-more\" style=\"text-align:left\"><a href=\"javascript:;\" style=\"color:#0088FF;border-color:#0088FF\"><span style=\"border-color:#0088FF\">Afficher plus<\/span><\/a><\/div><div class=\"su-expand-link su-expand-link-less\" style=\"text-align:left\"><a href=\"javascript:;\" style=\"color:#0088FF;border-color:#0088FF\"><span style=\"border-color:#0088FF\">Afficher moins<\/span><\/a><\/div><\/div><\/div><\/div>\n<div class=\"su-box su-box-style-default\" id=\"\" style=\"border-color:#000000;border-radius:0px;max-width:none\"><div class=\"su-box-title\" style=\"background-color:#333333;color:#FFFFFF;border-top-left-radius:0px;border-top-right-radius:0px\">Rencontres des responsables des Ressources Humaines d'Eucor - Le Campus europ\u00e9en<\/div><div class=\"su-box-content su-u-clearfix su-u-trim\" style=\"border-bottom-left-radius:0px;border-bottom-right-radius:0px\"><div class=\"su-expand su-expand-collapsed su-expand-link-style-default\" data-height=\"100\"><div class=\"su-expand-content su-u-trim\" style=\"color:#333333;max-height:100px;overflow:hidden\"> <a href=\"http:\/\/www.novatris.uha.fr\/wp-content\/uploads\/2019\/10\/P1060519-ConvertImage.jpg\"><img loading=\"lazy\" decoding=\"async\" class=\"alignleft wp-image-428 size-thumbnail\" src=\"http:\/\/www.novatris.uha.fr\/wp-content\/uploads\/2019\/10\/P1060519-ConvertImage-150x150.jpg\" alt=\"Images Rencontre RH\" width=\"150\" height=\"150\" \/><\/a>Les 3 rencontres entre responsables des Ressources Humaines des diff\u00e9rentes universit\u00e9s membres du projet <strong>Eucor &#8211; Le Campus europ\u00e9en : Structures transfrontali\u00e8res<\/strong>, organis\u00e9es par NovaTris pour l&rsquo;UHA, se sont donn\u00e9 pour objectif d&rsquo;ouvrir le dialogue entre homologues des diff\u00e9rentes universit\u00e9s membres d&rsquo;Eucor &#8211; Le Campus europ\u00e9en.<\/p>\n<p>Ateliers, tables rondes et visites (inter)culturelles ont ainsi permis aux participants d&rsquo;aborder de nombreuses th\u00e9matiques en lien avec leur pratique professionnelle. De la gestion du personnel \u00e0 la comp\u00e9tence interculturelle, en passant par la formation continue, la communication et le d\u00e9veloppement personnel, le dialogue inter-professionnel entre les diff\u00e9rents participants s&rsquo;est \u00e9tendu dans de nombreuses directions au gr\u00e9 de leurs int\u00e9r\u00eats et questionnements sp\u00e9cifiques.<\/p>\n<p>Ensemble, ils ont ainsi pu <strong>r\u00e9fl\u00e9chir aux analogies et aux diff\u00e9rences des approches en mati\u00e8re de Ressources Humaines en France, en Allemagne et en Suisse<\/strong>. Ces 3 rencontres ont en outre grandement encourag\u00e9 la coop\u00e9ration inter-universitaire, en permettant aux uns et aux autres de mieux comprendre les conditions structurelles des diff\u00e9rentes universit\u00e9s, de prendre en consid\u00e9ration leurs diff\u00e9rences et d&rsquo;apprendre \u00e0 les d\u00e9passer. <\/div><div class=\"su-expand-link su-expand-link-more\" style=\"text-align:left\"><a href=\"javascript:;\" style=\"color:#0088FF;border-color:#0088FF\"><span style=\"border-color:#0088FF\">Afficher plus<\/span><\/a><\/div><div class=\"su-expand-link su-expand-link-less\" style=\"text-align:left\"><a href=\"javascript:;\" style=\"color:#0088FF;border-color:#0088FF\"><span style=\"border-color:#0088FF\">Afficher moins<\/span><\/a><\/div><\/div><\/div><\/div>\n<p>Les projets \u00ab Eucor &#8211; Le Campus europ\u00e9en : Structures transfrontali\u00e8res \u00bb, \u00ab Graduate Academy SERIOR (SEcurity &#8211; RIsk &#8211; ORientation) \u00bb et \u00ab Upper Rhine Cluster for sustainability research (URCforSR) \u00bb sont co-financ\u00e9s par l\u2019Union europ\u00e9enne \u00e0 travers le Fonds Europ\u00e9en de D\u00e9veloppement R\u00e9gional dans le programme Interreg VA Rhin sup\u00e9rieur, par la Conf\u00e9d\u00e9ration suisse et par les cantons B\u00e2le-Ville et B\u00e2le-Campagne.<\/p>\n<p><a href=\"http:\/\/www.novatris.uha.fr\/wp-content\/uploads\/2019\/10\/Banderole_Interreg.jpg\"><img loading=\"lazy\" decoding=\"async\" class=\"aligncenter wp-image-336\" src=\"http:\/\/www.novatris.uha.fr\/wp-content\/uploads\/2019\/10\/Banderole_Interreg-1024x146.jpg\" alt=\"Logo Interreg - FEDER\" width=\"900\" height=\"129\" srcset=\"http:\/\/www.novatris.uha.fr\/wp-content\/uploads\/2019\/10\/Banderole_Interreg-1024x146.jpg 1024w, http:\/\/www.novatris.uha.fr\/wp-content\/uploads\/2019\/10\/Banderole_Interreg-300x43.jpg 300w, http:\/\/www.novatris.uha.fr\/wp-content\/uploads\/2019\/10\/Banderole_Interreg-768x110.jpg 768w\" sizes=\"auto, (max-width: 900px) 100vw, 900px\" \/><\/a><\/p>\n","protected":false},"excerpt":{"rendered":"<p>Le programme de financement Interreg VA Rhin Sup\u00e9rieur s\u2019inscrit dans l&rsquo;objectif de coop\u00e9ration territoriale europ\u00e9enne. Il soutient des projets de coop\u00e9ration transfrontali\u00e8re d\u00e9limit\u00e9s g\u00e9ographiquement \u00e0 la fronti\u00e8re franco-germano-suisse. Interreg VA Rhin sup\u00e9rieur s\u2019inscrit dans la strat\u00e9gie Europe 2020 dont les objectifs sont la cr\u00e9ation d\u2019emploi, la comp\u00e9titivit\u00e9 et la croissance \u00e9conomique, l\u2019am\u00e9lioration de la qualit\u00e9 [&hellip;]<\/p>\n","protected":false},"author":1,"featured_media":0,"parent":31,"menu_order":0,"comment_status":"closed","ping_status":"closed","template":"","meta":{"footnotes":""},"class_list":["post-85","page","type-page","status-publish","hentry"],"yoast_head":"<!-- This site is optimized with the Yoast SEO plugin v24.8.1 - https:\/\/yoast.com\/wordpress\/plugins\/seo\/ -->\n<title>Interreg - NovaTris, centre de comp\u00e9tences transfrontali\u00e8res | Universit\u00e9 de Haute-Alsace<\/title>\n<meta name=\"robots\" content=\"index, follow, max-snippet:-1, max-image-preview:large, max-video-preview:-1\" \/>\n<link rel=\"canonical\" href=\"https:\/\/www.novatris.uha.fr\/index.php\/contexte-europeen\/interreg\/\" \/>\n<meta property=\"og:locale\" content=\"fr_FR\" \/>\n<meta property=\"og:type\" content=\"article\" \/>\n<meta property=\"og:title\" content=\"Interreg - NovaTris, centre de comp\u00e9tences transfrontali\u00e8res | Universit\u00e9 de Haute-Alsace\" \/>\n<meta property=\"og:description\" content=\"Le programme de financement Interreg VA Rhin Sup\u00e9rieur s\u2019inscrit dans l&rsquo;objectif de coop\u00e9ration territoriale europ\u00e9enne. Il soutient des projets de coop\u00e9ration transfrontali\u00e8re d\u00e9limit\u00e9s g\u00e9ographiquement \u00e0 la fronti\u00e8re franco-germano-suisse. Interreg VA Rhin sup\u00e9rieur s\u2019inscrit dans la strat\u00e9gie Europe 2020 dont les objectifs sont la cr\u00e9ation d\u2019emploi, la comp\u00e9titivit\u00e9 et la croissance \u00e9conomique, l\u2019am\u00e9lioration de la qualit\u00e9 [&hellip;]\" \/>\n<meta property=\"og:url\" content=\"https:\/\/www.novatris.uha.fr\/index.php\/contexte-europeen\/interreg\/\" \/>\n<meta property=\"og:site_name\" content=\"NovaTris, centre de comp\u00e9tences transfrontali\u00e8res | Universit\u00e9 de Haute-Alsace\" \/>\n<meta property=\"article:modified_time\" content=\"2021-10-28T12:56:23+00:00\" \/>\n<meta property=\"og:image\" content=\"http:\/\/www.novatris.uha.fr\/wp-content\/uploads\/2019\/10\/logo-eucor_FR_sansFond-300x131.png\" \/>\n<meta name=\"twitter:card\" content=\"summary_large_image\" \/>\n<meta name=\"twitter:label1\" content=\"Dur\u00e9e de lecture estim\u00e9e\" \/>\n\t<meta name=\"twitter:data1\" content=\"10 minutes\" \/>\n<script type=\"application\/ld+json\" class=\"yoast-schema-graph\">{\"@context\":\"https:\/\/schema.org\",\"@graph\":[{\"@type\":\"WebPage\",\"@id\":\"https:\/\/www.novatris.uha.fr\/index.php\/contexte-europeen\/interreg\/\",\"url\":\"https:\/\/www.novatris.uha.fr\/index.php\/contexte-europeen\/interreg\/\",\"name\":\"Interreg - NovaTris, centre de comp\u00e9tences transfrontali\u00e8res | Universit\u00e9 de Haute-Alsace\",\"isPartOf\":{\"@id\":\"http:\/\/www.novatris.uha.fr\/#website\"},\"primaryImageOfPage\":{\"@id\":\"https:\/\/www.novatris.uha.fr\/index.php\/contexte-europeen\/interreg\/#primaryimage\"},\"image\":{\"@id\":\"https:\/\/www.novatris.uha.fr\/index.php\/contexte-europeen\/interreg\/#primaryimage\"},\"thumbnailUrl\":\"http:\/\/www.novatris.uha.fr\/wp-content\/uploads\/2019\/10\/logo-eucor_FR_sansFond-300x131.png\",\"datePublished\":\"2019-08-20T07:19:37+00:00\",\"dateModified\":\"2021-10-28T12:56:23+00:00\",\"breadcrumb\":{\"@id\":\"https:\/\/www.novatris.uha.fr\/index.php\/contexte-europeen\/interreg\/#breadcrumb\"},\"inLanguage\":\"fr-FR\",\"potentialAction\":[{\"@type\":\"ReadAction\",\"target\":[\"https:\/\/www.novatris.uha.fr\/index.php\/contexte-europeen\/interreg\/\"]}]},{\"@type\":\"ImageObject\",\"inLanguage\":\"fr-FR\",\"@id\":\"https:\/\/www.novatris.uha.fr\/index.php\/contexte-europeen\/interreg\/#primaryimage\",\"url\":\"http:\/\/www.novatris.uha.fr\/wp-content\/uploads\/2019\/10\/logo-eucor_FR_sansFond-300x131.png\",\"contentUrl\":\"http:\/\/www.novatris.uha.fr\/wp-content\/uploads\/2019\/10\/logo-eucor_FR_sansFond-300x131.png\"},{\"@type\":\"BreadcrumbList\",\"@id\":\"https:\/\/www.novatris.uha.fr\/index.php\/contexte-europeen\/interreg\/#breadcrumb\",\"itemListElement\":[{\"@type\":\"ListItem\",\"position\":1,\"name\":\"Accueil\",\"item\":\"http:\/\/www.novatris.uha.fr\/\"},{\"@type\":\"ListItem\",\"position\":2,\"name\":\"Contexte europ\u00e9en\",\"item\":\"https:\/\/www.novatris.uha.fr\/index.php\/contexte-europeen\/\"},{\"@type\":\"ListItem\",\"position\":3,\"name\":\"Interreg\"}]},{\"@type\":\"WebSite\",\"@id\":\"http:\/\/www.novatris.uha.fr\/#website\",\"url\":\"http:\/\/www.novatris.uha.fr\/\",\"name\":\"NovaTris, centre de comp\u00e9tences transfrontali\u00e8res | Universit\u00e9 de Haute-Alsace\",\"description\":\"Campus Illberg | Universit\u00e9 de Haute-Alsace\",\"potentialAction\":[{\"@type\":\"SearchAction\",\"target\":{\"@type\":\"EntryPoint\",\"urlTemplate\":\"http:\/\/www.novatris.uha.fr\/?s={search_term_string}\"},\"query-input\":{\"@type\":\"PropertyValueSpecification\",\"valueRequired\":true,\"valueName\":\"search_term_string\"}}],\"inLanguage\":\"fr-FR\"}]}<\/script>\n<!-- \/ Yoast SEO plugin. -->","yoast_head_json":{"title":"Interreg - NovaTris, centre de comp\u00e9tences transfrontali\u00e8res | Universit\u00e9 de Haute-Alsace","robots":{"index":"index","follow":"follow","max-snippet":"max-snippet:-1","max-image-preview":"max-image-preview:large","max-video-preview":"max-video-preview:-1"},"canonical":"https:\/\/www.novatris.uha.fr\/index.php\/contexte-europeen\/interreg\/","og_locale":"fr_FR","og_type":"article","og_title":"Interreg - NovaTris, centre de comp\u00e9tences transfrontali\u00e8res | Universit\u00e9 de Haute-Alsace","og_description":"Le programme de financement Interreg VA Rhin Sup\u00e9rieur s\u2019inscrit dans l&rsquo;objectif de coop\u00e9ration territoriale europ\u00e9enne. Il soutient des projets de coop\u00e9ration transfrontali\u00e8re d\u00e9limit\u00e9s g\u00e9ographiquement \u00e0 la fronti\u00e8re franco-germano-suisse. Interreg VA Rhin sup\u00e9rieur s\u2019inscrit dans la strat\u00e9gie Europe 2020 dont les objectifs sont la cr\u00e9ation d\u2019emploi, la comp\u00e9titivit\u00e9 et la croissance \u00e9conomique, l\u2019am\u00e9lioration de la qualit\u00e9 [&hellip;]","og_url":"https:\/\/www.novatris.uha.fr\/index.php\/contexte-europeen\/interreg\/","og_site_name":"NovaTris, centre de comp\u00e9tences transfrontali\u00e8res | Universit\u00e9 de Haute-Alsace","article_modified_time":"2021-10-28T12:56:23+00:00","og_image":[{"url":"http:\/\/www.novatris.uha.fr\/wp-content\/uploads\/2019\/10\/logo-eucor_FR_sansFond-300x131.png","type":"","width":"","height":""}],"twitter_card":"summary_large_image","twitter_misc":{"Dur\u00e9e de lecture estim\u00e9e":"10 minutes"},"schema":{"@context":"https:\/\/schema.org","@graph":[{"@type":"WebPage","@id":"https:\/\/www.novatris.uha.fr\/index.php\/contexte-europeen\/interreg\/","url":"https:\/\/www.novatris.uha.fr\/index.php\/contexte-europeen\/interreg\/","name":"Interreg - NovaTris, centre de comp\u00e9tences transfrontali\u00e8res | Universit\u00e9 de Haute-Alsace","isPartOf":{"@id":"http:\/\/www.novatris.uha.fr\/#website"},"primaryImageOfPage":{"@id":"https:\/\/www.novatris.uha.fr\/index.php\/contexte-europeen\/interreg\/#primaryimage"},"image":{"@id":"https:\/\/www.novatris.uha.fr\/index.php\/contexte-europeen\/interreg\/#primaryimage"},"thumbnailUrl":"http:\/\/www.novatris.uha.fr\/wp-content\/uploads\/2019\/10\/logo-eucor_FR_sansFond-300x131.png","datePublished":"2019-08-20T07:19:37+00:00","dateModified":"2021-10-28T12:56:23+00:00","breadcrumb":{"@id":"https:\/\/www.novatris.uha.fr\/index.php\/contexte-europeen\/interreg\/#breadcrumb"},"inLanguage":"fr-FR","potentialAction":[{"@type":"ReadAction","target":["https:\/\/www.novatris.uha.fr\/index.php\/contexte-europeen\/interreg\/"]}]},{"@type":"ImageObject","inLanguage":"fr-FR","@id":"https:\/\/www.novatris.uha.fr\/index.php\/contexte-europeen\/interreg\/#primaryimage","url":"http:\/\/www.novatris.uha.fr\/wp-content\/uploads\/2019\/10\/logo-eucor_FR_sansFond-300x131.png","contentUrl":"http:\/\/www.novatris.uha.fr\/wp-content\/uploads\/2019\/10\/logo-eucor_FR_sansFond-300x131.png"},{"@type":"BreadcrumbList","@id":"https:\/\/www.novatris.uha.fr\/index.php\/contexte-europeen\/interreg\/#breadcrumb","itemListElement":[{"@type":"ListItem","position":1,"name":"Accueil","item":"http:\/\/www.novatris.uha.fr\/"},{"@type":"ListItem","position":2,"name":"Contexte europ\u00e9en","item":"https:\/\/www.novatris.uha.fr\/index.php\/contexte-europeen\/"},{"@type":"ListItem","position":3,"name":"Interreg"}]},{"@type":"WebSite","@id":"http:\/\/www.novatris.uha.fr\/#website","url":"http:\/\/www.novatris.uha.fr\/","name":"NovaTris, centre de comp\u00e9tences transfrontali\u00e8res | Universit\u00e9 de Haute-Alsace","description":"Campus Illberg | Universit\u00e9 de Haute-Alsace","potentialAction":[{"@type":"SearchAction","target":{"@type":"EntryPoint","urlTemplate":"http:\/\/www.novatris.uha.fr\/?s={search_term_string}"},"query-input":{"@type":"PropertyValueSpecification","valueRequired":true,"valueName":"search_term_string"}}],"inLanguage":"fr-FR"}]}},"_links":{"self":[{"href":"http:\/\/www.novatris.uha.fr\/index.php\/wp-json\/wp\/v2\/pages\/85","targetHints":{"allow":["GET"]}}],"collection":[{"href":"http:\/\/www.novatris.uha.fr\/index.php\/wp-json\/wp\/v2\/pages"}],"about":[{"href":"http:\/\/www.novatris.uha.fr\/index.php\/wp-json\/wp\/v2\/types\/page"}],"author":[{"embeddable":true,"href":"http:\/\/www.novatris.uha.fr\/index.php\/wp-json\/wp\/v2\/users\/1"}],"replies":[{"embeddable":true,"href":"http:\/\/www.novatris.uha.fr\/index.php\/wp-json\/wp\/v2\/comments?post=85"}],"version-history":[{"count":229,"href":"http:\/\/www.novatris.uha.fr\/index.php\/wp-json\/wp\/v2\/pages\/85\/revisions"}],"predecessor-version":[{"id":6571,"href":"http:\/\/www.novatris.uha.fr\/index.php\/wp-json\/wp\/v2\/pages\/85\/revisions\/6571"}],"up":[{"embeddable":true,"href":"http:\/\/www.novatris.uha.fr\/index.php\/wp-json\/wp\/v2\/pages\/31"}],"wp:attachment":[{"href":"http:\/\/www.novatris.uha.fr\/index.php\/wp-json\/wp\/v2\/media?parent=85"}],"curies":[{"name":"wp","href":"https:\/\/api.w.org\/{rel}","templated":true}]}}