{"id":31,"date":"2019-07-16T17:14:45","date_gmt":"2019-07-16T15:14:45","guid":{"rendered":"http:\/\/www.novatris-dev.uha.fr\/?page_id=31"},"modified":"2020-10-08T14:42:47","modified_gmt":"2020-10-08T12:42:47","slug":"contexte-europeen","status":"publish","type":"page","link":"http:\/\/www.novatris.uha.fr\/index.php\/contexte-europeen\/","title":{"rendered":"Contexte europ\u00e9en"},"content":{"rendered":"<p><a href=\"http:\/\/www.novatris.uha.fr\/wp-content\/uploads\/2019\/11\/Carte_Oberrhein_FR.png\"><img loading=\"lazy\" decoding=\"async\" class=\"alignright wp-image-1944\" src=\"http:\/\/www.novatris.uha.fr\/wp-content\/uploads\/2019\/11\/Carte_Oberrhein_FR-178x300.png\" alt=\"Image Carte Eucor -Le Campus europ\u00e9en\" width=\"140\" height=\"236\" srcset=\"http:\/\/www.novatris.uha.fr\/wp-content\/uploads\/2019\/11\/Carte_Oberrhein_FR-178x300.png 178w, http:\/\/www.novatris.uha.fr\/wp-content\/uploads\/2019\/11\/Carte_Oberrhein_FR.png 508w\" sizes=\"auto, (max-width: 140px) 100vw, 140px\" \/><\/a><a href=\"http:\/\/www.novatris.uha.fr\/wp-content\/uploads\/2019\/11\/EPICUR_Karte_Credits_entelechie-stock.adobe_.com_2.jpg\"><img loading=\"lazy\" decoding=\"async\" class=\"alignleft wp-image-1872\" src=\"http:\/\/www.novatris.uha.fr\/wp-content\/uploads\/2019\/11\/EPICUR_Karte_Credits_entelechie-stock.adobe_.com_2-150x150.jpg\" alt=\"Image Carte EPICUR\" width=\"200\" height=\"133\" srcset=\"http:\/\/www.novatris.uha.fr\/wp-content\/uploads\/2019\/11\/EPICUR_Karte_Credits_entelechie-stock.adobe_.com_2-300x200.jpg 300w, http:\/\/www.novatris.uha.fr\/wp-content\/uploads\/2019\/11\/EPICUR_Karte_Credits_entelechie-stock.adobe_.com_2-1024x683.jpg 1024w, http:\/\/www.novatris.uha.fr\/wp-content\/uploads\/2019\/11\/EPICUR_Karte_Credits_entelechie-stock.adobe_.com_2-768x512.jpg 768w, http:\/\/www.novatris.uha.fr\/wp-content\/uploads\/2019\/11\/EPICUR_Karte_Credits_entelechie-stock.adobe_.com_2.jpg 1200w\" sizes=\"auto, (max-width: 200px) 100vw, 200px\" \/><\/a>En tant que Centre de comp\u00e9tences transfrontali\u00e8res de l&rsquo;<a href=\"http:\/\/www.uha.fr\/\" target=\"_blank\" rel=\"noopener noreferrer\">Universit\u00e9 de Haute-Alsace<\/a>, NovaTris se donne pour objectif de participer au d\u00e9veloppement de comp\u00e9tences humaines et interculturelles devenues essentielles au XXI<sup>e<\/sup> si\u00e8cle pour se conna\u00eetre soi-m\u00eame et pour interagir avec l\u2019Autre.<\/p>\n<p>NovaTris m\u00e8ne en ce sens des activit\u00e9s d\u2019accompagnement \u00e0 la mobilit\u00e9, d\u2019innovation p\u00e9dagogique, de recherche et d\u2019accompagnement de projets. Toutes ses actions sont profond\u00e9ment ancr\u00e9es dans le contexte europ\u00e9en et participent activement \u00e0 la mise en \u0153uvre de diff\u00e9rents projets europ\u00e9ens.<\/p>\n<p>&nbsp;<\/p>\n<div class=\"su-box su-box-style-default\" id=\"\" style=\"border-color:#000000;border-radius:0px;max-width:none\"><div class=\"su-box-title\" style=\"background-color:#000000;color:#FFFFFF;border-top-left-radius:0px;border-top-right-radius:0px\">\u00c0 d\u00e9couvrir<\/div><div class=\"su-box-content su-u-clearfix su-u-trim\" style=\"border-bottom-left-radius:0px;border-bottom-right-radius:0px\">\n<div class=\"su-list\" style=\"margin-left:0px\">\n<ul>\n<li><i class=\"sui sui-caret-right\" style=\"color:#333\"><\/i> <a href=\"http:\/\/www.novatris.uha.fr\/index.php\/contexte-europeen\/eucor-le-campus-europeen\/\">Eucor &#8211; Le Campus europ\u00e9en<\/a><\/li>\n<li><i class=\"sui sui-caret-right\" style=\"color:#333\"><\/i> <a href=\"http:\/\/www.novatris.uha.fr\/index.php\/contexte-europeen\/epicur\/\">EPICUR<\/a><\/li>\n<li><i class=\"sui sui-caret-right\" style=\"color:#333\"><\/i> <a href=\"http:\/\/www.novatris.uha.fr\/index.php\/contexte-europeen\/interreg\/\">Interreg<\/a><\/li>\n<\/ul>\n<\/div>\n<\/div><\/div>\n","protected":false},"excerpt":{"rendered":"<p>En tant que Centre de comp\u00e9tences transfrontali\u00e8res de l&rsquo;Universit\u00e9 de Haute-Alsace, NovaTris se donne pour objectif de participer au d\u00e9veloppement de comp\u00e9tences humaines et interculturelles devenues essentielles au XXIe si\u00e8cle pour se conna\u00eetre soi-m\u00eame et pour interagir avec l\u2019Autre. NovaTris m\u00e8ne en ce sens des activit\u00e9s d\u2019accompagnement \u00e0 la mobilit\u00e9, d\u2019innovation p\u00e9dagogique, de recherche et [&hellip;]<\/p>\n","protected":false},"author":1,"featured_media":0,"parent":0,"menu_order":0,"comment_status":"closed","ping_status":"closed","template":"","meta":{"footnotes":""},"class_list":["post-31","page","type-page","status-publish","hentry"],"yoast_head":"<!-- This site is optimized with the Yoast SEO plugin v24.8.1 - https:\/\/yoast.com\/wordpress\/plugins\/seo\/ -->\n<title>Contexte europ\u00e9en - NovaTris, centre de comp\u00e9tences transfrontali\u00e8res | Universit\u00e9 de Haute-Alsace<\/title>\n<meta name=\"robots\" content=\"index, follow, max-snippet:-1, max-image-preview:large, max-video-preview:-1\" \/>\n<link rel=\"canonical\" href=\"https:\/\/www.novatris.uha.fr\/index.php\/contexte-europeen\/\" \/>\n<meta property=\"og:locale\" content=\"fr_FR\" \/>\n<meta property=\"og:type\" content=\"article\" \/>\n<meta property=\"og:title\" content=\"Contexte europ\u00e9en - NovaTris, centre de comp\u00e9tences transfrontali\u00e8res | Universit\u00e9 de Haute-Alsace\" \/>\n<meta property=\"og:description\" content=\"En tant que Centre de comp\u00e9tences transfrontali\u00e8res de l&rsquo;Universit\u00e9 de Haute-Alsace, NovaTris se donne pour objectif de participer au d\u00e9veloppement de comp\u00e9tences humaines et interculturelles devenues essentielles au XXIe si\u00e8cle pour se conna\u00eetre soi-m\u00eame et pour interagir avec l\u2019Autre. NovaTris m\u00e8ne en ce sens des activit\u00e9s d\u2019accompagnement \u00e0 la mobilit\u00e9, d\u2019innovation p\u00e9dagogique, de recherche et [&hellip;]\" \/>\n<meta property=\"og:url\" content=\"https:\/\/www.novatris.uha.fr\/index.php\/contexte-europeen\/\" \/>\n<meta property=\"og:site_name\" content=\"NovaTris, centre de comp\u00e9tences transfrontali\u00e8res | Universit\u00e9 de Haute-Alsace\" \/>\n<meta property=\"article:modified_time\" content=\"2020-10-08T12:42:47+00:00\" \/>\n<meta property=\"og:image\" content=\"http:\/\/www.novatris.uha.fr\/wp-content\/uploads\/2019\/11\/Carte_Oberrhein_FR-178x300.png\" \/>\n<meta name=\"twitter:card\" content=\"summary_large_image\" \/>\n<meta name=\"twitter:label1\" content=\"Dur\u00e9e de lecture estim\u00e9e\" \/>\n\t<meta name=\"twitter:data1\" content=\"1 minute\" \/>\n<script type=\"application\/ld+json\" class=\"yoast-schema-graph\">{\"@context\":\"https:\/\/schema.org\",\"@graph\":[{\"@type\":\"WebPage\",\"@id\":\"https:\/\/www.novatris.uha.fr\/index.php\/contexte-europeen\/\",\"url\":\"https:\/\/www.novatris.uha.fr\/index.php\/contexte-europeen\/\",\"name\":\"Contexte europ\u00e9en - NovaTris, centre de comp\u00e9tences transfrontali\u00e8res | Universit\u00e9 de Haute-Alsace\",\"isPartOf\":{\"@id\":\"http:\/\/www.novatris.uha.fr\/#website\"},\"primaryImageOfPage\":{\"@id\":\"https:\/\/www.novatris.uha.fr\/index.php\/contexte-europeen\/#primaryimage\"},\"image\":{\"@id\":\"https:\/\/www.novatris.uha.fr\/index.php\/contexte-europeen\/#primaryimage\"},\"thumbnailUrl\":\"http:\/\/www.novatris.uha.fr\/wp-content\/uploads\/2019\/11\/Carte_Oberrhein_FR-178x300.png\",\"datePublished\":\"2019-07-16T15:14:45+00:00\",\"dateModified\":\"2020-10-08T12:42:47+00:00\",\"breadcrumb\":{\"@id\":\"https:\/\/www.novatris.uha.fr\/index.php\/contexte-europeen\/#breadcrumb\"},\"inLanguage\":\"fr-FR\",\"potentialAction\":[{\"@type\":\"ReadAction\",\"target\":[\"https:\/\/www.novatris.uha.fr\/index.php\/contexte-europeen\/\"]}]},{\"@type\":\"ImageObject\",\"inLanguage\":\"fr-FR\",\"@id\":\"https:\/\/www.novatris.uha.fr\/index.php\/contexte-europeen\/#primaryimage\",\"url\":\"http:\/\/www.novatris.uha.fr\/wp-content\/uploads\/2019\/11\/Carte_Oberrhein_FR-178x300.png\",\"contentUrl\":\"http:\/\/www.novatris.uha.fr\/wp-content\/uploads\/2019\/11\/Carte_Oberrhein_FR-178x300.png\"},{\"@type\":\"BreadcrumbList\",\"@id\":\"https:\/\/www.novatris.uha.fr\/index.php\/contexte-europeen\/#breadcrumb\",\"itemListElement\":[{\"@type\":\"ListItem\",\"position\":1,\"name\":\"Accueil\",\"item\":\"http:\/\/www.novatris.uha.fr\/\"},{\"@type\":\"ListItem\",\"position\":2,\"name\":\"Contexte europ\u00e9en\"}]},{\"@type\":\"WebSite\",\"@id\":\"http:\/\/www.novatris.uha.fr\/#website\",\"url\":\"http:\/\/www.novatris.uha.fr\/\",\"name\":\"NovaTris, centre de comp\u00e9tences transfrontali\u00e8res | Universit\u00e9 de Haute-Alsace\",\"description\":\"Campus Illberg | Universit\u00e9 de Haute-Alsace\",\"potentialAction\":[{\"@type\":\"SearchAction\",\"target\":{\"@type\":\"EntryPoint\",\"urlTemplate\":\"http:\/\/www.novatris.uha.fr\/?s={search_term_string}\"},\"query-input\":{\"@type\":\"PropertyValueSpecification\",\"valueRequired\":true,\"valueName\":\"search_term_string\"}}],\"inLanguage\":\"fr-FR\"}]}<\/script>\n<!-- \/ Yoast SEO plugin. -->","yoast_head_json":{"title":"Contexte europ\u00e9en - NovaTris, centre de comp\u00e9tences transfrontali\u00e8res | Universit\u00e9 de Haute-Alsace","robots":{"index":"index","follow":"follow","max-snippet":"max-snippet:-1","max-image-preview":"max-image-preview:large","max-video-preview":"max-video-preview:-1"},"canonical":"https:\/\/www.novatris.uha.fr\/index.php\/contexte-europeen\/","og_locale":"fr_FR","og_type":"article","og_title":"Contexte europ\u00e9en - NovaTris, centre de comp\u00e9tences transfrontali\u00e8res | Universit\u00e9 de Haute-Alsace","og_description":"En tant que Centre de comp\u00e9tences transfrontali\u00e8res de l&rsquo;Universit\u00e9 de Haute-Alsace, NovaTris se donne pour objectif de participer au d\u00e9veloppement de comp\u00e9tences humaines et interculturelles devenues essentielles au XXIe si\u00e8cle pour se conna\u00eetre soi-m\u00eame et pour interagir avec l\u2019Autre. NovaTris m\u00e8ne en ce sens des activit\u00e9s d\u2019accompagnement \u00e0 la mobilit\u00e9, d\u2019innovation p\u00e9dagogique, de recherche et [&hellip;]","og_url":"https:\/\/www.novatris.uha.fr\/index.php\/contexte-europeen\/","og_site_name":"NovaTris, centre de comp\u00e9tences transfrontali\u00e8res | Universit\u00e9 de Haute-Alsace","article_modified_time":"2020-10-08T12:42:47+00:00","og_image":[{"url":"http:\/\/www.novatris.uha.fr\/wp-content\/uploads\/2019\/11\/Carte_Oberrhein_FR-178x300.png","type":"","width":"","height":""}],"twitter_card":"summary_large_image","twitter_misc":{"Dur\u00e9e de lecture estim\u00e9e":"1 minute"},"schema":{"@context":"https:\/\/schema.org","@graph":[{"@type":"WebPage","@id":"https:\/\/www.novatris.uha.fr\/index.php\/contexte-europeen\/","url":"https:\/\/www.novatris.uha.fr\/index.php\/contexte-europeen\/","name":"Contexte europ\u00e9en - NovaTris, centre de comp\u00e9tences transfrontali\u00e8res | Universit\u00e9 de Haute-Alsace","isPartOf":{"@id":"http:\/\/www.novatris.uha.fr\/#website"},"primaryImageOfPage":{"@id":"https:\/\/www.novatris.uha.fr\/index.php\/contexte-europeen\/#primaryimage"},"image":{"@id":"https:\/\/www.novatris.uha.fr\/index.php\/contexte-europeen\/#primaryimage"},"thumbnailUrl":"http:\/\/www.novatris.uha.fr\/wp-content\/uploads\/2019\/11\/Carte_Oberrhein_FR-178x300.png","datePublished":"2019-07-16T15:14:45+00:00","dateModified":"2020-10-08T12:42:47+00:00","breadcrumb":{"@id":"https:\/\/www.novatris.uha.fr\/index.php\/contexte-europeen\/#breadcrumb"},"inLanguage":"fr-FR","potentialAction":[{"@type":"ReadAction","target":["https:\/\/www.novatris.uha.fr\/index.php\/contexte-europeen\/"]}]},{"@type":"ImageObject","inLanguage":"fr-FR","@id":"https:\/\/www.novatris.uha.fr\/index.php\/contexte-europeen\/#primaryimage","url":"http:\/\/www.novatris.uha.fr\/wp-content\/uploads\/2019\/11\/Carte_Oberrhein_FR-178x300.png","contentUrl":"http:\/\/www.novatris.uha.fr\/wp-content\/uploads\/2019\/11\/Carte_Oberrhein_FR-178x300.png"},{"@type":"BreadcrumbList","@id":"https:\/\/www.novatris.uha.fr\/index.php\/contexte-europeen\/#breadcrumb","itemListElement":[{"@type":"ListItem","position":1,"name":"Accueil","item":"http:\/\/www.novatris.uha.fr\/"},{"@type":"ListItem","position":2,"name":"Contexte europ\u00e9en"}]},{"@type":"WebSite","@id":"http:\/\/www.novatris.uha.fr\/#website","url":"http:\/\/www.novatris.uha.fr\/","name":"NovaTris, centre de comp\u00e9tences transfrontali\u00e8res | Universit\u00e9 de Haute-Alsace","description":"Campus Illberg | Universit\u00e9 de Haute-Alsace","potentialAction":[{"@type":"SearchAction","target":{"@type":"EntryPoint","urlTemplate":"http:\/\/www.novatris.uha.fr\/?s={search_term_string}"},"query-input":{"@type":"PropertyValueSpecification","valueRequired":true,"valueName":"search_term_string"}}],"inLanguage":"fr-FR"}]}},"_links":{"self":[{"href":"http:\/\/www.novatris.uha.fr\/index.php\/wp-json\/wp\/v2\/pages\/31","targetHints":{"allow":["GET"]}}],"collection":[{"href":"http:\/\/www.novatris.uha.fr\/index.php\/wp-json\/wp\/v2\/pages"}],"about":[{"href":"http:\/\/www.novatris.uha.fr\/index.php\/wp-json\/wp\/v2\/types\/page"}],"author":[{"embeddable":true,"href":"http:\/\/www.novatris.uha.fr\/index.php\/wp-json\/wp\/v2\/users\/1"}],"replies":[{"embeddable":true,"href":"http:\/\/www.novatris.uha.fr\/index.php\/wp-json\/wp\/v2\/comments?post=31"}],"version-history":[{"count":21,"href":"http:\/\/www.novatris.uha.fr\/index.php\/wp-json\/wp\/v2\/pages\/31\/revisions"}],"predecessor-version":[{"id":4123,"href":"http:\/\/www.novatris.uha.fr\/index.php\/wp-json\/wp\/v2\/pages\/31\/revisions\/4123"}],"wp:attachment":[{"href":"http:\/\/www.novatris.uha.fr\/index.php\/wp-json\/wp\/v2\/media?parent=31"}],"curies":[{"name":"wp","href":"https:\/\/api.w.org\/{rel}","templated":true}]}}