{"id":104,"date":"2019-08-20T09:24:22","date_gmt":"2019-08-20T07:24:22","guid":{"rendered":"http:\/\/www.novatris-dev.uha.fr\/?page_id=104"},"modified":"2022-10-18T11:16:41","modified_gmt":"2022-10-18T09:16:41","slug":"principes-pedagogiques","status":"publish","type":"page","link":"http:\/\/www.novatris.uha.fr\/index.php\/formation\/pedagogie-novatris\/principes-pedagogiques\/","title":{"rendered":"Principes p\u00e9dagogiques"},"content":{"rendered":"<p>NovaTris s&rsquo;appuie sur six invariants th\u00e9oriques permettant d&rsquo;offrir aux apprenants un cadre d&rsquo;apprentissage bas\u00e9 sur l&rsquo;exp\u00e9rience et la r\u00e9flexion.<\/p>\n<div class=\"su-row\"> <div class=\"su-column su-column-size-1-2\"><div class=\"su-column-inner su-u-clearfix su-u-trim\">\n<div class=\"su-service\"><div class=\"su-service-title\" style=\"padding-left:46px;min-height:32px;line-height:32px\"><i class=\"sui sui-caret-right\" style=\"font-size:32px;color:#333\"><\/i> Approche liquide de l\u2019interculturalit\u00e9 (Dervin, 2017)<\/div><div class=\"su-service-content su-u-clearfix su-u-trim\" style=\"padding-left:46px\">\n<p>Prenant en compte la complexit\u00e9 des identit\u00e9s culturelles, NovaTris adopte une approche liquide de l\u2019interculturalit\u00e9. Cette approche est int\u00e9ressante car elle permet d&rsquo;aborder l&rsquo;interculturalit\u00e9 \u00e0 tous les niveaux et de se concentrer sur les dynamiques li\u00e9es aux rencontres. Elle ne se limite pas aux cultures nationales et prend en compte les diff\u00e9rents aspects qui composent l&rsquo;identit\u00e9 culturelle de chacun : \u00e2ge, sexe, formation, profession, classe sociale, confession, valeurs, langues parl\u00e9es, etc.<\/p>\n<\/div><\/div>\n<div class=\"su-service\"><div class=\"su-service-title\" style=\"padding-left:46px;min-height:32px;line-height:32px\"><i class=\"sui sui-caret-right\" style=\"font-size:32px;color:#333\"><\/i> Approche par les capabilit\u00e9s (Sen, 2012 ; Nussbaum, 2012)<\/div><div class=\"su-service-content su-u-clearfix su-u-trim\" style=\"padding-left:46px\">\n<p>La capabilit\u00e9 d\u2019un individu englobe l\u2019ensemble des facteurs influant sur sa libert\u00e9 et son pouvoir d\u2019agir\u00a0: elle repr\u00e9sente ses possibilit\u00e9s r\u00e9elles de faire ou d\u2019\u00eatre ce qu\u2019il souhaite, en fonction de son contexte, ses valeurs, ses comp\u00e9tences, etc. Une approche p\u00e9dagogique bas\u00e9e sur les capabilit\u00e9s accompagne donc chaque apprenant dans le d\u00e9veloppement individuel de son pouvoir d\u2019agir, en fonction de ses besoins et objectifs. Une fois qu\u2019il a pris conscience de sa capabilit\u00e9, l\u2019apprenant peut choisir d\u2019en activer ou d\u00e9velopper les aspects qui lui permettront de modifier sa situation r\u00e9elle au sortir de la formation.<\/p>\n<\/div><\/div>\n<div class=\"su-service\"><div class=\"su-service-title\" style=\"padding-left:46px;min-height:32px;line-height:32px\"><i class=\"sui sui-caret-right\" style=\"font-size:32px;color:#333\"><\/i> Apprentissage exp\u00e9rientiel (Kolb, 1984)<\/div><div class=\"su-service-content su-u-clearfix su-u-trim\" style=\"padding-left:46px\">\n<p>L\u2019apprentissage exp\u00e9rientiel se d\u00e9cline en quatre phases successives\u00a0: une exp\u00e9rience concr\u00e8te (1) constitue le support d\u2019une observation r\u00e9fl\u00e9chie (2) au cours de laquelle l\u2019apprenant analyse son exp\u00e9rience ; s\u2019ensuit une phase de conceptualisation abstraite (3) qui lui permet de d\u00e9gager, pour lui, les concepts sous-jacents de son analyse\u00a0; enfin, il est pr\u00eat \u00e0 se lancer dans une exp\u00e9rimentation active (4) des concepts d\u00e9gag\u00e9s dans de nouveaux contextes. Dans un cadre de formation bas\u00e9 sur l&rsquo;approche liquide de l&rsquo;interculturalit\u00e9, les apprenants s\u2019appuient sur leurs exp\u00e9riences interculturelles afin de d\u00e9velopper des comp\u00e9tences adapt\u00e9es \u00e0 leurs contextes.<\/p>\n<\/div><\/div><\/div><\/div>\n<div class=\"su-column su-column-size-1-2\"><div class=\"su-column-inner su-u-clearfix su-u-trim\">\n<div class=\"su-service\"><div class=\"su-service-title\" style=\"padding-left:46px;min-height:32px;line-height:32px\"><i class=\"sui sui-caret-right\" style=\"font-size:32px;color:#333\"><\/i> Approche conscientisante de l\u2019\u00e9ducation (Freire, 2001)<\/div><div class=\"su-service-content su-u-clearfix su-u-trim\" style=\"padding-left:46px\">\n<p>L&rsquo;approche conscientisante de l&rsquo;\u00e9ducation propose de penser l&rsquo;\u00e9ducation comme un \u00ab probl\u00e8me \u00e0 r\u00e9soudre \u00bb pour l&rsquo;apprenant, en fonction de sa propre situation. Mise en \u0153uvre dans un cadre d\u2019apprentissage exp\u00e9rientiel, elle am\u00e8ne l\u2019apprenant \u00e0 prendre conscience du potentiel (comp\u00e9tences, connaissances et ressources) dont il dispose d\u00e9j\u00e0, \u00e0 d\u00e9couvrir et combler ses lacunes selon ses besoins propres et \u00e0 se fixer des objectifs individuels pour \u00e9voluer avec plus d\u2019aisance au sein du contexte qui lui est propre.<\/p>\n<\/div><\/div>\n<div class=\"su-service\"><div class=\"su-service-title\" style=\"padding-left:46px;min-height:32px;line-height:32px\"><i class=\"sui sui-caret-right\" style=\"font-size:32px;color:#333\"><\/i> Effet miroir (Venel, 2012)<\/div><div class=\"su-service-content su-u-clearfix su-u-trim\" style=\"padding-left:46px\">\n<p>L&rsquo;apprenant qui interagit avec l&rsquo;Autre sort de sa zone de confort et exp\u00e9rimente des \u00ab chocs culturels \u00bb : certains \u00e9l\u00e9ments le surprennent (positivement ou n\u00e9gativement), le mettent mal \u00e0 l&rsquo;aise ou, au contraire, lui plaisent. Prendre conscience de ces chocs et les d\u00e9construire, c&rsquo;est non seulement d\u00e9couvrir l\u2019Autre, mais aussi apprendre \u00e0 utiliser l&rsquo;interaction pour mieux se conna\u00eetre et comprendre sa propre mani\u00e8re d\u2019agir. L\u2019effet miroir permet donc, une fois conscientis\u00e9, d\u2019observer son ordinaire \u00e0 travers un autre regard, de l&rsquo;aborder sous un angle nouveau, de (re)d\u00e9couvrir son potentiel et d\u2019entreprendre son d\u00e9veloppement.<\/p>\n<\/div><\/div>\n<div class=\"su-service\"><div class=\"su-service-title\" style=\"padding-left:46px;min-height:32px;line-height:32px\"><i class=\"sui sui-caret-right\" style=\"font-size:32px;color:#333\"><\/i> Posture d\u2019accompagnement (Boutinet et al., 2007)<\/div><div class=\"su-service-content su-u-clearfix su-u-trim\" style=\"padding-left:46px\">\n<p>Les formateurs de NovaTris adoptent une posture p\u00e9dagogique d\u2019accompagnement, qui permet de prendre en compte chaque apprenant dans son parcours singulier, tout en profitant des interactions interculturelles entre les participants. La posture d\u2019accompagnement favorise la reconnaissance de l\u2019individualit\u00e9 culturelle (approche liquide de l\u2019interculturalit\u00e9) et le d\u00e9veloppement individualis\u00e9 du pouvoir d\u2019agir (approche par les capabilit\u00e9s) de chaque apprenant. En s\u2019appuyant sur des exp\u00e9riences r\u00e9fl\u00e9chies (apprentissage exp\u00e9rientiel), elle am\u00e8ne l\u2019apprenant \u00e0 prendre conscience de son propre potentiel (approche conscientisante de l\u2019\u00e9ducation) et \u00e0 red\u00e9couvrir son ordinaire dans l\u2019interaction avec l&rsquo;Autre (effet miroir). Le bin\u00f4me formateur\/apprenant progresse de concert, faisant \u00e9voluer les modalit\u00e9s d\u2019apprentissage selon les besoins, les adaptant au contexte et profitant des acquis pour atteindre ou faire \u00e9voluer les objectifs fix\u00e9s.<\/p>\n<\/div><\/div><\/div><\/div><\/div>\n<h3><strong>Structure d&rsquo;un module de formation NovaTris<\/strong><\/h3>\n<p>La structure d&rsquo;un module de formation NovaTris peut varier en fonction des besoins et des objectifs de formation. Elle s\u2019appuie sur 5 cat\u00e9gories d&rsquo;outils compl\u00e9mentaires :<\/p>\n<div class=\"su-service\"><div class=\"su-service-title\" style=\"padding-left:46px;min-height:32px;line-height:32px\"><i class=\"sui sui-chevron-right\" style=\"font-size:32px;color:#333\"><\/i> Ice-breakers<\/div><div class=\"su-service-content su-u-clearfix su-u-trim\" style=\"padding-left:46px\">Les Ice-breakers permettent aux participants de nouer un premier contact et de d\u00e9buter la construction d\u2019un climat de confiance.<\/div><\/div>\n<div class=\"su-service\"><div class=\"su-service-title\" style=\"padding-left:46px;min-height:32px;line-height:32px\"><i class=\"sui sui-chevron-right\" style=\"font-size:32px;color:#333\"><\/i> Formation de groupes al\u00e9atoire<\/div><div class=\"su-service-content su-u-clearfix su-u-trim\" style=\"padding-left:46px\">Sous forme d\u2019activit\u00e9 courte et ludique, cette m\u00e9thode de formation de groupes permet de favoriser des interactions nouvelles.<\/div><\/div>\n<div class=\"su-service\"><div class=\"su-service-title\" style=\"padding-left:46px;min-height:32px;line-height:32px\"><i class=\"sui sui-chevron-right\" style=\"font-size:32px;color:#333\"><\/i> Activit\u00e9s principales<\/div><div class=\"su-service-content su-u-clearfix su-u-trim\" style=\"padding-left:46px\">Les activit\u00e9s principales sont toutes bas\u00e9es sur des exp\u00e9riences concr\u00e8tes : leurs th\u00e9matiques (en lien avec l\u2019interculturalit\u00e9) d\u00e9pendent donc du contexte et des objectifs de la formation.<\/div><\/div>\n<div class=\"su-service\"><div class=\"su-service-title\" style=\"padding-left:46px;min-height:32px;line-height:32px\"><i class=\"sui sui-chevron-right\" style=\"font-size:32px;color:#333\"><\/i> Formalisation<\/div><div class=\"su-service-content su-u-clearfix su-u-trim\" style=\"padding-left:46px\">R\u00e9alis\u00e9e collectivement, en groupe et\/ou individuellement, la formalisation permet de mettre en mots l\u2019exp\u00e9rience effectu\u00e9e.<\/div><\/div>\n<div class=\"su-service\"><div class=\"su-service-title\" style=\"padding-left:46px;min-height:32px;line-height:32px\"><i class=\"sui sui-chevron-right\" style=\"font-size:32px;color:#333\"><\/i> Conceptualisation<\/div><div class=\"su-service-content su-u-clearfix su-u-trim\" style=\"padding-left:46px\">Sur la base de la formalisation, le participant probl\u00e9matise et analyse son exp\u00e9rience afin d\u2019en d\u00e9finir, pour lui, les concepts sous-jacents.<\/div><\/div>\n<p>Cette structure peut \u00eatre compl\u00e9t\u00e9e par des <strong>apports th\u00e9oriques<\/strong>\u00a0pertinents.<\/p>\n<h3><strong>Bibliographie<\/strong><\/h3>\n<p>Boutinet, J.-P., Denoyel, N., Pineau, G. et Robin, J.-Y. (2007). <em>Penser l\u2019accompagnement adulte<\/em>. Paris : P.U.F.<br \/>\nDervin, F. (2017). <em>Comp\u00e9tences interculturelles<\/em>. Archives Contemporaines.<br \/>\nFreire, P. (2001). <em>P\u00e9dagogie des opprim\u00e9s : suivi de Conscientisation et r\u00e9volution<\/em>. Paris : La D\u00e9couverte.<br \/>\nKolb, D. A. (1984). <em>Experiential learning : Experience as the source of learning and development<\/em>. Englewood Cliffs : Prentice Hall.<br \/>\nNussbaum, M. C. (2012). <em>Capabilit\u00e9s. Comment cr\u00e9er les conditions d\u2019un monde plus juste ?<\/em>. Paris\u00a0: Flammarion (Climats).<br \/>\nSen, A. (2012). <em>L\u2019Id\u00e9e de justice<\/em>. Paris : Flammarion (Champs essais).<br \/>\nVenel, M.-D. (2012). La culture de l\u2019Autre\u202f: Un miroir\u202f?. <em>Synergies Mexique<\/em>. 2 (71-82).<\/p>\n<p>&nbsp;<\/p>\n<p>&nbsp;<\/p>\n<p>&nbsp;<\/p>\n","protected":false},"excerpt":{"rendered":"<p>NovaTris s&rsquo;appuie sur six invariants th\u00e9oriques permettant d&rsquo;offrir aux apprenants un cadre d&rsquo;apprentissage bas\u00e9 sur l&rsquo;exp\u00e9rience et la r\u00e9flexion. Structure d&rsquo;un module de formation NovaTris La structure d&rsquo;un module de formation NovaTris peut varier en fonction des besoins et des objectifs de formation. Elle s\u2019appuie sur 5 cat\u00e9gories d&rsquo;outils compl\u00e9mentaires : Cette structure peut \u00eatre [&hellip;]<\/p>\n","protected":false},"author":1,"featured_media":0,"parent":102,"menu_order":0,"comment_status":"closed","ping_status":"closed","template":"","meta":{"footnotes":""},"class_list":["post-104","page","type-page","status-publish","hentry"],"yoast_head":"<!-- This site is optimized with the Yoast SEO plugin v24.8.1 - https:\/\/yoast.com\/wordpress\/plugins\/seo\/ -->\n<title>Principes p\u00e9dagogiques - NovaTris, centre de comp\u00e9tences transfrontali\u00e8res | Universit\u00e9 de Haute-Alsace<\/title>\n<meta name=\"robots\" content=\"index, follow, max-snippet:-1, max-image-preview:large, max-video-preview:-1\" \/>\n<link rel=\"canonical\" href=\"http:\/\/www.novatris.uha.fr\/index.php\/formation\/pedagogie-novatris\/principes-pedagogiques\/\" \/>\n<meta property=\"og:locale\" content=\"fr_FR\" \/>\n<meta property=\"og:type\" content=\"article\" \/>\n<meta property=\"og:title\" content=\"Principes p\u00e9dagogiques - NovaTris, centre de comp\u00e9tences transfrontali\u00e8res | Universit\u00e9 de Haute-Alsace\" \/>\n<meta property=\"og:description\" content=\"NovaTris s&rsquo;appuie sur six invariants th\u00e9oriques permettant d&rsquo;offrir aux apprenants un cadre d&rsquo;apprentissage bas\u00e9 sur l&rsquo;exp\u00e9rience et la r\u00e9flexion. Structure d&rsquo;un module de formation NovaTris La structure d&rsquo;un module de formation NovaTris peut varier en fonction des besoins et des objectifs de formation. Elle s\u2019appuie sur 5 cat\u00e9gories d&rsquo;outils compl\u00e9mentaires : Cette structure peut \u00eatre [&hellip;]\" \/>\n<meta property=\"og:url\" content=\"http:\/\/www.novatris.uha.fr\/index.php\/formation\/pedagogie-novatris\/principes-pedagogiques\/\" \/>\n<meta property=\"og:site_name\" content=\"NovaTris, centre de comp\u00e9tences transfrontali\u00e8res | Universit\u00e9 de Haute-Alsace\" \/>\n<meta property=\"article:modified_time\" content=\"2022-10-18T09:16:41+00:00\" \/>\n<meta name=\"twitter:card\" content=\"summary_large_image\" \/>\n<meta name=\"twitter:label1\" content=\"Dur\u00e9e de lecture estim\u00e9e\" \/>\n\t<meta name=\"twitter:data1\" content=\"5 minutes\" \/>\n<script type=\"application\/ld+json\" class=\"yoast-schema-graph\">{\"@context\":\"https:\/\/schema.org\",\"@graph\":[{\"@type\":\"WebPage\",\"@id\":\"http:\/\/www.novatris.uha.fr\/index.php\/formation\/pedagogie-novatris\/principes-pedagogiques\/\",\"url\":\"http:\/\/www.novatris.uha.fr\/index.php\/formation\/pedagogie-novatris\/principes-pedagogiques\/\",\"name\":\"Principes p\u00e9dagogiques - NovaTris, centre de comp\u00e9tences transfrontali\u00e8res | Universit\u00e9 de Haute-Alsace\",\"isPartOf\":{\"@id\":\"https:\/\/www.novatris.uha.fr\/#website\"},\"datePublished\":\"2019-08-20T07:24:22+00:00\",\"dateModified\":\"2022-10-18T09:16:41+00:00\",\"breadcrumb\":{\"@id\":\"http:\/\/www.novatris.uha.fr\/index.php\/formation\/pedagogie-novatris\/principes-pedagogiques\/#breadcrumb\"},\"inLanguage\":\"fr-FR\",\"potentialAction\":[{\"@type\":\"ReadAction\",\"target\":[\"http:\/\/www.novatris.uha.fr\/index.php\/formation\/pedagogie-novatris\/principes-pedagogiques\/\"]}]},{\"@type\":\"BreadcrumbList\",\"@id\":\"http:\/\/www.novatris.uha.fr\/index.php\/formation\/pedagogie-novatris\/principes-pedagogiques\/#breadcrumb\",\"itemListElement\":[{\"@type\":\"ListItem\",\"position\":1,\"name\":\"Accueil\",\"item\":\"https:\/\/www.novatris.uha.fr\/\"},{\"@type\":\"ListItem\",\"position\":2,\"name\":\"Formation\",\"item\":\"http:\/\/www.novatris.uha.fr\/index.php\/formation\/\"},{\"@type\":\"ListItem\",\"position\":3,\"name\":\"P\u00e9dagogie NovaTris\",\"item\":\"http:\/\/www.novatris.uha.fr\/index.php\/formation\/pedagogie-novatris\/\"},{\"@type\":\"ListItem\",\"position\":4,\"name\":\"Principes p\u00e9dagogiques\"}]},{\"@type\":\"WebSite\",\"@id\":\"https:\/\/www.novatris.uha.fr\/#website\",\"url\":\"https:\/\/www.novatris.uha.fr\/\",\"name\":\"NovaTris, centre de comp\u00e9tences transfrontali\u00e8res | Universit\u00e9 de Haute-Alsace\",\"description\":\"Campus Illberg | Universit\u00e9 de Haute-Alsace\",\"potentialAction\":[{\"@type\":\"SearchAction\",\"target\":{\"@type\":\"EntryPoint\",\"urlTemplate\":\"https:\/\/www.novatris.uha.fr\/?s={search_term_string}\"},\"query-input\":{\"@type\":\"PropertyValueSpecification\",\"valueRequired\":true,\"valueName\":\"search_term_string\"}}],\"inLanguage\":\"fr-FR\"}]}<\/script>\n<!-- \/ Yoast SEO plugin. -->","yoast_head_json":{"title":"Principes p\u00e9dagogiques - NovaTris, centre de comp\u00e9tences transfrontali\u00e8res | Universit\u00e9 de Haute-Alsace","robots":{"index":"index","follow":"follow","max-snippet":"max-snippet:-1","max-image-preview":"max-image-preview:large","max-video-preview":"max-video-preview:-1"},"canonical":"http:\/\/www.novatris.uha.fr\/index.php\/formation\/pedagogie-novatris\/principes-pedagogiques\/","og_locale":"fr_FR","og_type":"article","og_title":"Principes p\u00e9dagogiques - NovaTris, centre de comp\u00e9tences transfrontali\u00e8res | Universit\u00e9 de Haute-Alsace","og_description":"NovaTris s&rsquo;appuie sur six invariants th\u00e9oriques permettant d&rsquo;offrir aux apprenants un cadre d&rsquo;apprentissage bas\u00e9 sur l&rsquo;exp\u00e9rience et la r\u00e9flexion. Structure d&rsquo;un module de formation NovaTris La structure d&rsquo;un module de formation NovaTris peut varier en fonction des besoins et des objectifs de formation. Elle s\u2019appuie sur 5 cat\u00e9gories d&rsquo;outils compl\u00e9mentaires : Cette structure peut \u00eatre [&hellip;]","og_url":"http:\/\/www.novatris.uha.fr\/index.php\/formation\/pedagogie-novatris\/principes-pedagogiques\/","og_site_name":"NovaTris, centre de comp\u00e9tences transfrontali\u00e8res | Universit\u00e9 de Haute-Alsace","article_modified_time":"2022-10-18T09:16:41+00:00","twitter_card":"summary_large_image","twitter_misc":{"Dur\u00e9e de lecture estim\u00e9e":"5 minutes"},"schema":{"@context":"https:\/\/schema.org","@graph":[{"@type":"WebPage","@id":"http:\/\/www.novatris.uha.fr\/index.php\/formation\/pedagogie-novatris\/principes-pedagogiques\/","url":"http:\/\/www.novatris.uha.fr\/index.php\/formation\/pedagogie-novatris\/principes-pedagogiques\/","name":"Principes p\u00e9dagogiques - NovaTris, centre de comp\u00e9tences transfrontali\u00e8res | Universit\u00e9 de Haute-Alsace","isPartOf":{"@id":"https:\/\/www.novatris.uha.fr\/#website"},"datePublished":"2019-08-20T07:24:22+00:00","dateModified":"2022-10-18T09:16:41+00:00","breadcrumb":{"@id":"http:\/\/www.novatris.uha.fr\/index.php\/formation\/pedagogie-novatris\/principes-pedagogiques\/#breadcrumb"},"inLanguage":"fr-FR","potentialAction":[{"@type":"ReadAction","target":["http:\/\/www.novatris.uha.fr\/index.php\/formation\/pedagogie-novatris\/principes-pedagogiques\/"]}]},{"@type":"BreadcrumbList","@id":"http:\/\/www.novatris.uha.fr\/index.php\/formation\/pedagogie-novatris\/principes-pedagogiques\/#breadcrumb","itemListElement":[{"@type":"ListItem","position":1,"name":"Accueil","item":"https:\/\/www.novatris.uha.fr\/"},{"@type":"ListItem","position":2,"name":"Formation","item":"http:\/\/www.novatris.uha.fr\/index.php\/formation\/"},{"@type":"ListItem","position":3,"name":"P\u00e9dagogie NovaTris","item":"http:\/\/www.novatris.uha.fr\/index.php\/formation\/pedagogie-novatris\/"},{"@type":"ListItem","position":4,"name":"Principes p\u00e9dagogiques"}]},{"@type":"WebSite","@id":"https:\/\/www.novatris.uha.fr\/#website","url":"https:\/\/www.novatris.uha.fr\/","name":"NovaTris, centre de comp\u00e9tences transfrontali\u00e8res | Universit\u00e9 de Haute-Alsace","description":"Campus Illberg | Universit\u00e9 de Haute-Alsace","potentialAction":[{"@type":"SearchAction","target":{"@type":"EntryPoint","urlTemplate":"https:\/\/www.novatris.uha.fr\/?s={search_term_string}"},"query-input":{"@type":"PropertyValueSpecification","valueRequired":true,"valueName":"search_term_string"}}],"inLanguage":"fr-FR"}]}},"_links":{"self":[{"href":"http:\/\/www.novatris.uha.fr\/index.php\/wp-json\/wp\/v2\/pages\/104","targetHints":{"allow":["GET"]}}],"collection":[{"href":"http:\/\/www.novatris.uha.fr\/index.php\/wp-json\/wp\/v2\/pages"}],"about":[{"href":"http:\/\/www.novatris.uha.fr\/index.php\/wp-json\/wp\/v2\/types\/page"}],"author":[{"embeddable":true,"href":"http:\/\/www.novatris.uha.fr\/index.php\/wp-json\/wp\/v2\/users\/1"}],"replies":[{"embeddable":true,"href":"http:\/\/www.novatris.uha.fr\/index.php\/wp-json\/wp\/v2\/comments?post=104"}],"version-history":[{"count":80,"href":"http:\/\/www.novatris.uha.fr\/index.php\/wp-json\/wp\/v2\/pages\/104\/revisions"}],"predecessor-version":[{"id":8053,"href":"http:\/\/www.novatris.uha.fr\/index.php\/wp-json\/wp\/v2\/pages\/104\/revisions\/8053"}],"up":[{"embeddable":true,"href":"http:\/\/www.novatris.uha.fr\/index.php\/wp-json\/wp\/v2\/pages\/102"}],"wp:attachment":[{"href":"http:\/\/www.novatris.uha.fr\/index.php\/wp-json\/wp\/v2\/media?parent=104"}],"curies":[{"name":"wp","href":"https:\/\/api.w.org\/{rel}","templated":true}]}}